{"id":33,"date":"2023-04-11T17:45:43","date_gmt":"2023-04-11T15:45:43","guid":{"rendered":"https:\/\/ambasciatapraga.esteri.it\/?page_id=33"},"modified":"2023-04-11T17:45:43","modified_gmt":"2023-04-11T15:45:43","slug":"dall_ambasciata","status":"publish","type":"page","link":"https:\/\/ambtbilisi.esteri.it\/it\/news\/dall_ambasciata\/","title":{"rendered":"Dall&#8217;Ambasciata"},"content":{"rendered":"        <div class=\"row\">\n\t\t\t<!-- Ricerca sedi post -->\n\t\t\t<div class=\"col-12 mt-4\">\n\t\t\t  <div class=\"callout callout-highlight note ricerca-esteri p-4\">\n                    <div class=\"callout-title\">\n                        <svg class=\"icon\">\n                            <use xlink:href=\"https:\/\/ambtbilisi.esteri.it\/wp-content\/themes\/sedi-tema\/assets\/svg\/sprites.svg#it-search\"><\/use>\n                        <\/svg>Inserisci i parametri di ricerca                    <\/div>\n                    <form id=\"searchFormPost\" name=\"form-search-post\" class=\"form-row align-items-center\" action=\"https:\/\/ambtbilisi.esteri.it\/it\/wp-json\/wp\/v2\/pages\/33\/\" method=\"GET\"> \n                        <!-- <div class=\"form-group pt-5\"> -->\n                            <!-- <input type=\"hidden\" id=\"lang\" name=\"lang\" value=\"\"> --> <!-- <\/div> -->\n\n                        <div class=\"it-datepicker-wrapper\">\n                            <div class=\"row\">\n                                <div class=\"form-group col-md-6\">\n                                    <label class=\"active\" for=\"date-init\">Dal<\/label>\n                                    <input class=\"form-control\" name=\"date-init\" id=\"date-init\" type=\"date\" placeholder=\"gg\/mm\/aaaa\" value=\"\"lang=\"en-EN\">  \n                                <\/div>\n                                <div class=\"form-group col-md-6\">\n                                    <label class=\"active\" for=\"date-end\">Al<\/label>\n                                    <input class=\"form-control\" name=\"date-end\" id=\"date-end\" type=\"date\" placeholder=\"gg\/mm\/aaaa\" value=\"\">\n                                <\/div>\n                            <\/div>\n                        <\/div>\n                        <div class=\"form-group col-md-12 mt-3\">\n                            <label for=\"searchText\">Campo ricerca libera<\/label>\n                            <input type=\"text\" name=\"searchText\" class=\"form-control\" id=\"searchText\" value=\"\">\n                        <\/div>\n                        <div class=\"form-group col-md-4 offset-md-8 text-end\">\n                            <a href=\"https:\/\/ambtbilisi.esteri.it\/it\/news\/dall_ambasciata\/\" title=\"Form reset\" id=\"resetImput\" class=\"btn btn-outline-primary btn-xs\">Reset<\/a>\n                            <button type=\"submit\" class=\"btn btn-primary btn-xs\">Mostra risultati<\/button>\n                        <\/div>\n                    <\/form>\n\t\t\t\t<\/div>\n\t\t\t<\/div>\n\t\t<\/div>\n                    \n            <div class=\"row\">\n                            <div class=\"col-12 mt-3\">\n                <!--start card-->\n                <div class=\"card-wrapper card-space\">\n                    <div class=\"card card-bg card-big border-bottom-card\">\n                        <div class=\"card-body \">\n                                                        <div class=\"category-top\">\n                                                                                                            <span class=\"\">\n                                        <svg class=\"icon icon-secondary\">\n                                            <use xlink:href=\"https:\/\/ambtbilisi.esteri.it\/wp-content\/themes\/sedi-tema\/assets\/svg\/sprites.svg#it-calendar\"><\/use>\n                                        <\/svg> 28 Agosto 2026                                    <\/span>\n                                                                    <\/div>\n                            <h5 class=\"card-title big-heading text-uppercase\"><a class=\"text-body text-decoration-none\" href=\"https:\/\/ambtbilisi.esteri.it\/it\/news\/dall_ambasciata\/2026\/08\/avviso-relativo-allundicesima-settimana-della-cucina-italiana-nel-mondo-3-10-ottobre-2026\/\" title=\"Avviso relativo all\u2019undicesima \u201cSettimana della Cucina italiana nel mondo\u201d (3-10 Ottobre 2026)\">Avviso relativo all\u2019undicesima \u201cSettimana della Cucina italiana nel mondo\u201d (3-10 Ottobre 2026)<\/a><\/h5>\n                            <p class=\"card-text\">L\u2019Ambasciata d\u2019Italia a Tbilisi intende avvalersi della collaborazione di soggetti pubblici o privati al fine della realizzazione dell\u2019undicesima \u201cSettimana della Cucina italiana nel mondo\u201d (nelle date 3-10 Ottobre 2026), tradizionale rassegna incentrata sulla promozione delle eccellenze italiane nel campo della cucina e del settore eno-gastronomico. Inviare proposte \u00e8 semplice: basta consultare gli avvisi\u00a0di\u00a0collaborazione\u00a0e\u00a0sponsorizzazione\u00a0allegati alla presente [&hellip;]<\/p>\n                                <a title=\"Avviso relativo all\u2019undicesima \u201cSettimana della Cucina italiana nel mondo\u201d (3-10 Ottobre 2026)\" class=\"read-more\" href=\"https:\/\/ambtbilisi.esteri.it\/it\/news\/dall_ambasciata\/2026\/08\/avviso-relativo-allundicesima-settimana-della-cucina-italiana-nel-mondo-3-10-ottobre-2026\/\">\n                                    <span class=\"text\">Leggi di pi\u00f9<\/span>\n                                    <svg class=\"icon\">\n                                    <use xlink:href=\"https:\/\/ambtbilisi.esteri.it\/wp-content\/themes\/sedi-tema\/assets\/svg\/sprites.svg#it-arrow-right\"><\/use>\n                                    <\/svg>\n                                <\/a>\n                                                    <\/div>\n                    <\/div>\n                <\/div>\n                <!--end card-->\n                <\/div><!-- col-12 .mt-3-->\n                            <div class=\"col-12 mt-3\">\n                <!--start card-->\n                <div class=\"card-wrapper card-space\">\n                    <div class=\"card card-bg card-big border-bottom-card\">\n                        <div class=\"card-body \">\n                                                        <div class=\"category-top\">\n                                                                                                            <span class=\"\">\n                                        <svg class=\"icon icon-secondary\">\n                                            <use xlink:href=\"https:\/\/ambtbilisi.esteri.it\/wp-content\/themes\/sedi-tema\/assets\/svg\/sprites.svg#it-calendar\"><\/use>\n                                        <\/svg> 27 Agosto 2026                                    <\/span>\n                                                                    <\/div>\n                            <h5 class=\"card-title big-heading text-uppercase\"><a class=\"text-body text-decoration-none\" href=\"https:\/\/ambtbilisi.esteri.it\/it\/news\/dall_ambasciata\/2026\/08\/due-concerti-imperdibili-la-partecipazione-del-maestro-noseda-protagonista-del-rinomato-festival-di-tsinandali\/\" title=\"Due concerti imperdibili la partecipazione del Maestro Noseda, protagonista del rinomato Festival di Tsinandali\">Due concerti imperdibili la partecipazione del Maestro Noseda, protagonista del rinomato Festival di Tsinandali<\/a><\/h5>\n                            <p class=\"card-text\">Continua l\u2019attiva partecipazione dell\u2019Italia alla vita culturale della Georgia, grazie al sostegno dell&#8217;Ambasciata d&#8217;Italia a Tbilisi: al via dal 3 al 13 settembre l\u2019ottava edizione del prestigioso Tsinandali Festival organizzata con il sostegno dell\u2019Ambasciata d\u2019Italia in Georgia. Il Festival, che ogni anno si svolge nella suggestiva residenza del principe e celebre poeta georgiano Aleksandre Chavchavadze [&hellip;]<\/p>\n                                <a title=\"Due concerti imperdibili la partecipazione del Maestro Noseda, protagonista del rinomato Festival di Tsinandali\" class=\"read-more\" href=\"https:\/\/ambtbilisi.esteri.it\/it\/news\/dall_ambasciata\/2026\/08\/due-concerti-imperdibili-la-partecipazione-del-maestro-noseda-protagonista-del-rinomato-festival-di-tsinandali\/\">\n                                    <span class=\"text\">Leggi di pi\u00f9<\/span>\n                                    <svg class=\"icon\">\n                                    <use xlink:href=\"https:\/\/ambtbilisi.esteri.it\/wp-content\/themes\/sedi-tema\/assets\/svg\/sprites.svg#it-arrow-right\"><\/use>\n                                    <\/svg>\n                                <\/a>\n                                                    <\/div>\n                    <\/div>\n                <\/div>\n                <!--end card-->\n                <\/div><!-- col-12 .mt-3-->\n                            <div class=\"col-12 mt-3\">\n                <!--start card-->\n                <div class=\"card-wrapper card-space\">\n                    <div class=\"card card-bg card-big border-bottom-card\">\n                        <div class=\"card-body \">\n                                                        <div class=\"category-top\">\n                                                                                                            <span class=\"\">\n                                        <svg class=\"icon icon-secondary\">\n                                            <use xlink:href=\"https:\/\/ambtbilisi.esteri.it\/wp-content\/themes\/sedi-tema\/assets\/svg\/sprites.svg#it-calendar\"><\/use>\n                                        <\/svg> 26 Agosto 2026                                    <\/span>\n                                                                    <\/div>\n                            <h5 class=\"card-title big-heading text-uppercase\"><a class=\"text-body text-decoration-none\" href=\"https:\/\/ambtbilisi.esteri.it\/it\/news\/dall_ambasciata\/2026\/08\/laboratorio-linguistico-di-lingua-e-cultura-italiana-incontrarsi-in-italiano\/\" title=\"Laboratorio Linguistico di lingua e cultura italiana \u201cIncontrarsi in Italiano\u201d\">Laboratorio Linguistico di lingua e cultura italiana \u201cIncontrarsi in Italiano\u201d<\/a><\/h5>\n                            <p class=\"card-text\">Laboratorio Linguistico di lingua e cultura italiana \u201cIncontrarsi in Italiano\u201d Il Centro Linguistico d\u2019Ateneo SLAM\u00a0dell&#8217;Universit\u00e0 degli Studi di Milano organizza\u00a0il Laboratorio Linguistico di lingua e cultura italiana \u201cIncontrarsi in Italiano\u201d, che si svolger\u00e0 dal 4 al 10 ottobre 2026 presso la sede di Gargnano, sul lago di Garda, e avr\u00e0 la durata di 1 settimana [&hellip;]<\/p>\n                                <a title=\"Laboratorio Linguistico di lingua e cultura italiana \u201cIncontrarsi in Italiano\u201d\" class=\"read-more\" href=\"https:\/\/ambtbilisi.esteri.it\/it\/news\/dall_ambasciata\/2026\/08\/laboratorio-linguistico-di-lingua-e-cultura-italiana-incontrarsi-in-italiano\/\">\n                                    <span class=\"text\">Leggi di pi\u00f9<\/span>\n                                    <svg class=\"icon\">\n                                    <use xlink:href=\"https:\/\/ambtbilisi.esteri.it\/wp-content\/themes\/sedi-tema\/assets\/svg\/sprites.svg#it-arrow-right\"><\/use>\n                                    <\/svg>\n                                <\/a>\n                                                    <\/div>\n                    <\/div>\n                <\/div>\n                <!--end card-->\n                <\/div><!-- col-12 .mt-3-->\n                            <div class=\"col-12 mt-3\">\n                <!--start card-->\n                <div class=\"card-wrapper card-space\">\n                    <div class=\"card card-bg card-big border-bottom-card\">\n                        <div class=\"card-body \">\n                                                        <div class=\"category-top\">\n                                                                                                            <span class=\"\">\n                                        <svg class=\"icon icon-secondary\">\n                                            <use xlink:href=\"https:\/\/ambtbilisi.esteri.it\/wp-content\/themes\/sedi-tema\/assets\/svg\/sprites.svg#it-calendar\"><\/use>\n                                        <\/svg> 19 Agosto 2026                                    <\/span>\n                                                                    <\/div>\n                            <h5 class=\"card-title big-heading text-uppercase\"><a class=\"text-body text-decoration-none\" href=\"https:\/\/ambtbilisi.esteri.it\/it\/news\/dall_ambasciata\/2026\/08\/sei-concerti-con-la-partecipazione-italiana-al-rinomato-festival-serenate-notturne\/\" title=\"Sei concerti con la partecipazione italiana al rinomato Festival \u201cSerenate Notturne\u201d\">Sei concerti con la partecipazione italiana al rinomato Festival \u201cSerenate Notturne\u201d<\/a><\/h5>\n                            <p class=\"card-text\">Al via da oggi il Festival Internazionale \u201cSerenate Notturne\u201d (&#8220;Gamis Serenadebi&#8221;), uno degli appuntamenti di musica pi\u00f9 apprezzati e attesi in Georgia e sostenuto\u00a0\u2013\u00a0come da tradizione\u00a0\u2013\u00a0dall&#8217;Ambasciata\u00a0d&#8217;Italia in Georgia. Istituito dalla famosa violinista georgiana Liana Isakadze, il Festival, giunto quest\u2019anno alla sua diciottesima edizione dedicata all&#8217;80esimo\u00a0anniversario della nascita della fondatrice, si svolger\u00e0 in tre citt\u00e0 georgiane [&hellip;]<\/p>\n                                <a title=\"Sei concerti con la partecipazione italiana al rinomato Festival \u201cSerenate Notturne\u201d\" class=\"read-more\" href=\"https:\/\/ambtbilisi.esteri.it\/it\/news\/dall_ambasciata\/2026\/08\/sei-concerti-con-la-partecipazione-italiana-al-rinomato-festival-serenate-notturne\/\">\n                                    <span class=\"text\">Leggi di pi\u00f9<\/span>\n                                    <svg class=\"icon\">\n                                    <use xlink:href=\"https:\/\/ambtbilisi.esteri.it\/wp-content\/themes\/sedi-tema\/assets\/svg\/sprites.svg#it-arrow-right\"><\/use>\n                                    <\/svg>\n                                <\/a>\n                                                    <\/div>\n                    <\/div>\n                <\/div>\n                <!--end card-->\n                <\/div><!-- col-12 .mt-3-->\n                            <div class=\"col-12 mt-3\">\n                <!--start card-->\n                <div class=\"card-wrapper card-space\">\n                    <div class=\"card card-bg card-big border-bottom-card\">\n                        <div class=\"card-body \">\n                                                        <div class=\"category-top\">\n                                                                                                            <span class=\"\">\n                                        <svg class=\"icon icon-secondary\">\n                                            <use xlink:href=\"https:\/\/ambtbilisi.esteri.it\/wp-content\/themes\/sedi-tema\/assets\/svg\/sprites.svg#it-calendar\"><\/use>\n                                        <\/svg> 14 Agosto 2026                                    <\/span>\n                                                                    <\/div>\n                            <h5 class=\"card-title big-heading text-uppercase\"><a class=\"text-body text-decoration-none\" href=\"https:\/\/ambtbilisi.esteri.it\/it\/news\/dall_ambasciata\/2026\/08\/avviso-ai-richiedenti-visto-che-intendono-presentare-domanda-di-visto-di-studio-per-litalia-ulteriore-apertura-walk-in-venerdi-21-agosto-1400-1600\/\" title=\"AVVISO AI RICHIEDENTI VISTO CHE INTENDONO PRESENTARE DOMANDA DI VISTO DI STUDIO PER L\u2019ITALIA \u2013 ULTERIORE APERTURA WALK-IN VENERDI\u2019 21 AGOSTO, 14:00-16:00\">AVVISO AI RICHIEDENTI VISTO CHE INTENDONO PRESENTARE DOMANDA DI VISTO DI STUDIO PER L\u2019ITALIA \u2013 ULTERIORE APERTURA WALK-IN VENERDI\u2019 21 AGOSTO, 14:00-16:00<\/a><\/h5>\n                            <p class=\"card-text\">L\u2019Ambasciata d\u2019Italia a Tbilisi informa tutti i richiedenti visto per motivi di studio-immatricolazione che VENERDI\u2019 21 AGOSTO, dalle ore 14:00 alle ore 16:00, potranno presentare domanda di visto recandosi senza appuntamento presso l\u2019Ufficio Consolare. L\u2019accesso sar\u00e0 garantito in modalit\u00e0 walk-in con priorit\u00e0 first come &#8211; first served. L\u2019opportunit\u00e0 \u00e8 riservata ESCLUSIVAMENTE a coloro che non [&hellip;]<\/p>\n                                <a title=\"AVVISO AI RICHIEDENTI VISTO CHE INTENDONO PRESENTARE DOMANDA DI VISTO DI STUDIO PER L\u2019ITALIA \u2013 ULTERIORE APERTURA WALK-IN VENERDI\u2019 21 AGOSTO, 14:00-16:00\" class=\"read-more\" href=\"https:\/\/ambtbilisi.esteri.it\/it\/news\/dall_ambasciata\/2026\/08\/avviso-ai-richiedenti-visto-che-intendono-presentare-domanda-di-visto-di-studio-per-litalia-ulteriore-apertura-walk-in-venerdi-21-agosto-1400-1600\/\">\n                                    <span class=\"text\">Leggi di pi\u00f9<\/span>\n                                    <svg class=\"icon\">\n                                    <use xlink:href=\"https:\/\/ambtbilisi.esteri.it\/wp-content\/themes\/sedi-tema\/assets\/svg\/sprites.svg#it-arrow-right\"><\/use>\n                                    <\/svg>\n                                <\/a>\n                                                    <\/div>\n                    <\/div>\n                <\/div>\n                <!--end card-->\n                <\/div><!-- col-12 .mt-3-->\n                            <div class=\"col-12 mt-3\">\n                <!--start card-->\n                <div class=\"card-wrapper card-space\">\n                    <div class=\"card card-bg card-big border-bottom-card\">\n                        <div class=\"card-body \">\n                                                        <div class=\"category-top\">\n                                                                                                            <span class=\"\">\n                                        <svg class=\"icon icon-secondary\">\n                                            <use xlink:href=\"https:\/\/ambtbilisi.esteri.it\/wp-content\/themes\/sedi-tema\/assets\/svg\/sprites.svg#it-calendar\"><\/use>\n                                        <\/svg> 7 Agosto 2026                                    <\/span>\n                                                                    <\/div>\n                            <h5 class=\"card-title big-heading text-uppercase\"><a class=\"text-body text-decoration-none\" href=\"https:\/\/ambtbilisi.esteri.it\/it\/news\/dall_ambasciata\/2026\/08\/70-anniversario-della-tragedia-di-marcinelle-e-25a-giornata-nazionale-del-sacrificio-del-lavoro-italiano-nel-mondo-messaggio-del-vice-presidente-del-consiglio-dei-ministri-e-ministro-degli-affa\/\" title=\"70\u00b0 ANNIVERSARIO DELLA TRAGEDIA DI MARCINELLE E 25\u00aa GIORNATA NAZIONALE DEL SACRIFICIO DEL LAVORO ITALIANO NEL MONDO. MESSAGGIO DEL VICE PRESIDENTE DEL CONSIGLIO DEI MINISTRI E MINISTRO DEGLI AFFARI ESTERI E DELLA COOPERAZIONE INTERNAZIONALE, ON. ANTONIO TAJANI.\">70\u00b0 ANNIVERSARIO DELLA TRAGEDIA DI MARCINELLE E 25\u00aa GIORNATA NAZIONALE DEL SACRIFICIO DEL LAVORO ITALIANO NEL MONDO. MESSAGGIO DEL VICE PRESIDENTE DEL CONSIGLIO DEI MINISTRI E MINISTRO DEGLI AFFARI ESTERI E DELLA COOPERAZIONE INTERNAZIONALE, ON. ANTONIO TAJANI.<\/a><\/h5>\n                            <p class=\"card-text\">Trascorsi 70 anni dal disastro minerario di Marcinelle, una delle pi\u00f9 gravi tragedie della storia dei lavoratori italiani nel mondo. L&#8217;8 agosto, a Marcinelle, in Belgio, nel pozzo minerario di Bois du Cazier un incendio riemp\u00ec di fumo tutto lo spazio, provocando la morte di 262 lavoratori, di cui 136 italiani. La \u201cGiornata del sacrificio [&hellip;]<\/p>\n                                <a title=\"70\u00b0 ANNIVERSARIO DELLA TRAGEDIA DI MARCINELLE E 25\u00aa GIORNATA NAZIONALE DEL SACRIFICIO DEL LAVORO ITALIANO NEL MONDO. MESSAGGIO DEL VICE PRESIDENTE DEL CONSIGLIO DEI MINISTRI E MINISTRO DEGLI AFFARI ESTERI E DELLA COOPERAZIONE INTERNAZIONALE, ON. ANTONIO TAJANI.\" class=\"read-more\" href=\"https:\/\/ambtbilisi.esteri.it\/it\/news\/dall_ambasciata\/2026\/08\/70-anniversario-della-tragedia-di-marcinelle-e-25a-giornata-nazionale-del-sacrificio-del-lavoro-italiano-nel-mondo-messaggio-del-vice-presidente-del-consiglio-dei-ministri-e-ministro-degli-affa\/\">\n                                    <span class=\"text\">Leggi di pi\u00f9<\/span>\n                                    <svg class=\"icon\">\n                                    <use xlink:href=\"https:\/\/ambtbilisi.esteri.it\/wp-content\/themes\/sedi-tema\/assets\/svg\/sprites.svg#it-arrow-right\"><\/use>\n                                    <\/svg>\n                                <\/a>\n                                                    <\/div>\n                    <\/div>\n                <\/div>\n                <!--end card-->\n                <\/div><!-- col-12 .mt-3-->\n                            <div class=\"col-12 mt-3\">\n                <!--start card-->\n                <div class=\"card-wrapper card-space\">\n                    <div class=\"card card-bg card-big border-bottom-card\">\n                        <div class=\"card-body \">\n                                                        <div class=\"category-top\">\n                                                                                                            <span class=\"\">\n                                        <svg class=\"icon icon-secondary\">\n                                            <use xlink:href=\"https:\/\/ambtbilisi.esteri.it\/wp-content\/themes\/sedi-tema\/assets\/svg\/sprites.svg#it-calendar\"><\/use>\n                                        <\/svg> 6 Agosto 2026                                    <\/span>\n                                                                    <\/div>\n                            <h5 class=\"card-title big-heading text-uppercase\"><a class=\"text-body text-decoration-none\" href=\"https:\/\/ambtbilisi.esteri.it\/it\/news\/dall_ambasciata\/2026\/08\/appointment-for-study-visa\/\" title=\"Appointment for Study Visa\">Appointment for Study Visa<\/a><\/h5>\n                            <p class=\"card-text\">NOTICE ONLY FOR APPLICANTS FOR STUDY VISA &#8211; ENROLLMENT All study visa applicants-university enrollment may submit their visa applications without an appointment every Wednesday, from 12 August 2026 through 16 September 2026, between 2:00 p.m. and 4:00 p.m., by appearing in person at the Consular Office. Access will be granted on a walk-in basis, with [&hellip;]<\/p>\n                                <a title=\"Appointment for Study Visa\" class=\"read-more\" href=\"https:\/\/ambtbilisi.esteri.it\/it\/news\/dall_ambasciata\/2026\/08\/appointment-for-study-visa\/\">\n                                    <span class=\"text\">Leggi di pi\u00f9<\/span>\n                                    <svg class=\"icon\">\n                                    <use xlink:href=\"https:\/\/ambtbilisi.esteri.it\/wp-content\/themes\/sedi-tema\/assets\/svg\/sprites.svg#it-arrow-right\"><\/use>\n                                    <\/svg>\n                                <\/a>\n                                                    <\/div>\n                    <\/div>\n                <\/div>\n                <!--end card-->\n                <\/div><!-- col-12 .mt-3-->\n                            <div class=\"col-12 mt-3\">\n                <!--start card-->\n                <div class=\"card-wrapper card-space\">\n                    <div class=\"card card-bg card-big border-bottom-card\">\n                        <div class=\"card-body \">\n                                                        <div class=\"category-top\">\n                                                                                                            <span class=\"\">\n                                        <svg class=\"icon icon-secondary\">\n                                            <use xlink:href=\"https:\/\/ambtbilisi.esteri.it\/wp-content\/themes\/sedi-tema\/assets\/svg\/sprites.svg#it-calendar\"><\/use>\n                                        <\/svg> 29 Luglio 2026                                    <\/span>\n                                                                    <\/div>\n                            <h5 class=\"card-title big-heading text-uppercase\"><a class=\"text-body text-decoration-none\" href=\"https:\/\/ambtbilisi.esteri.it\/it\/news\/dall_ambasciata\/2026\/07\/murale-poetico-realizzato-in-georgia-dallartista-italiano-edoardo-ettorre\/\" title=\"Murale poetico realizzato in Georgia dall\u2019artista italiano Edoardo Ettorre\">Murale poetico realizzato in Georgia dall\u2019artista italiano Edoardo Ettorre<\/a><\/h5>\n                            <p class=\"card-text\">Continua la collaborazione tra l\u2019Ambasciata d\u2019Italia in Georgia e il Tbilisi Mural Fest (il frutto della loro collaborazione negli anni passati \u2013 la suggestiva opera murale dell\u2019artista italiano Vesod Brero \u2013 si trova nel cuore del centro storico della capitale georgiana). L\u2019edizione di quest\u2019anno del Festival, fondato nel 2019 che ogni anno riunisce artisti georgiani [&hellip;]<\/p>\n                                <a title=\"Murale poetico realizzato in Georgia dall\u2019artista italiano Edoardo Ettorre\" class=\"read-more\" href=\"https:\/\/ambtbilisi.esteri.it\/it\/news\/dall_ambasciata\/2026\/07\/murale-poetico-realizzato-in-georgia-dallartista-italiano-edoardo-ettorre\/\">\n                                    <span class=\"text\">Leggi di pi\u00f9<\/span>\n                                    <svg class=\"icon\">\n                                    <use xlink:href=\"https:\/\/ambtbilisi.esteri.it\/wp-content\/themes\/sedi-tema\/assets\/svg\/sprites.svg#it-arrow-right\"><\/use>\n                                    <\/svg>\n                                <\/a>\n                                                    <\/div>\n                    <\/div>\n                <\/div>\n                <!--end card-->\n                <\/div><!-- col-12 .mt-3-->\n                            <div class=\"col-12 mt-3\">\n                <!--start card-->\n                <div class=\"card-wrapper card-space\">\n                    <div class=\"card card-bg card-big border-bottom-card\">\n                        <div class=\"card-body \">\n                                                        <div class=\"category-top\">\n                                                                                                            <span class=\"\">\n                                        <svg class=\"icon icon-secondary\">\n                                            <use xlink:href=\"https:\/\/ambtbilisi.esteri.it\/wp-content\/themes\/sedi-tema\/assets\/svg\/sprites.svg#it-calendar\"><\/use>\n                                        <\/svg> 22 Luglio 2026                                    <\/span>\n                                                                    <\/div>\n                            <h5 class=\"card-title big-heading text-uppercase\"><a class=\"text-body text-decoration-none\" href=\"https:\/\/ambtbilisi.esteri.it\/it\/news\/dall_ambasciata\/2026\/07\/nuove-scoperte-della-missione-archeologica-georgiano-italiana-in-samtskhe-javakheti\/\" title=\"Nuove scoperte della missione archeologica georgiano-italiana in Samtskhe-Javakheti\">Nuove scoperte della missione archeologica georgiano-italiana in Samtskhe-Javakheti<\/a><\/h5>\n                            <p class=\"card-text\">L\u2019Ambasciatore italiano in Georgia, Massimiliano D\u2019Antuono ha ospitato in Ambasciata il Dott. Roberto Dan (Associazione Internazionale di Studi sul Mediterraneo e l\u2019Oriente \u2013 ISMEO), curatore della missione archeologica georgiano-italiana dedicata allo studio dei paesaggi antichi della Georgia meridionale. Il progetto si concentra sui siti di Meghreki 1 e Meghreki 2, due contesti strettamente collegati che [&hellip;]<\/p>\n                                <a title=\"Nuove scoperte della missione archeologica georgiano-italiana in Samtskhe-Javakheti\" class=\"read-more\" href=\"https:\/\/ambtbilisi.esteri.it\/it\/news\/dall_ambasciata\/2026\/07\/nuove-scoperte-della-missione-archeologica-georgiano-italiana-in-samtskhe-javakheti\/\">\n                                    <span class=\"text\">Leggi di pi\u00f9<\/span>\n                                    <svg class=\"icon\">\n                                    <use xlink:href=\"https:\/\/ambtbilisi.esteri.it\/wp-content\/themes\/sedi-tema\/assets\/svg\/sprites.svg#it-arrow-right\"><\/use>\n                                    <\/svg>\n                                <\/a>\n                                                    <\/div>\n                    <\/div>\n                <\/div>\n                <!--end card-->\n                <\/div><!-- col-12 .mt-3-->\n                            <div class=\"col-12 mt-3\">\n                <!--start card-->\n                <div class=\"card-wrapper card-space\">\n                    <div class=\"card card-bg card-big border-bottom-card\">\n                        <div class=\"card-body \">\n                                                        <div class=\"category-top\">\n                                                                                                            <span class=\"\">\n                                        <svg class=\"icon icon-secondary\">\n                                            <use xlink:href=\"https:\/\/ambtbilisi.esteri.it\/wp-content\/themes\/sedi-tema\/assets\/svg\/sprites.svg#it-calendar\"><\/use>\n                                        <\/svg> 15 Luglio 2026                                    <\/span>\n                                                                    <\/div>\n                            <h5 class=\"card-title big-heading text-uppercase\"><a class=\"text-body text-decoration-none\" href=\"https:\/\/ambtbilisi.esteri.it\/it\/news\/dall_ambasciata\/2026\/07\/cessazione-della-validita-della-carta-didentita-cartacea-per-lespatrio-dal-3-agosto\/\" title=\"Cessazione della validit\u00e0 della carta d\u2019identit\u00e0 cartacea per l\u2019espatrio dal 3 agosto\">Cessazione della validit\u00e0 della carta d\u2019identit\u00e0 cartacea per l\u2019espatrio dal 3 agosto<\/a><\/h5>\n                            <p class=\"card-text\">A partire dal 3 agosto 2026 la versione cartacea della carta di identit\u00e0 cesser\u00e0 di essere valida per l\u2019espatrio, indipendentemente dalla data di scadenza riportata sul retro. Il DL 26\/06\/2026 n.108 ha introdotto alcune modifiche importanti: La Carta d\u2019Identit\u00e0 Cartacea non scaduta pu\u00f2 essere utilizzata come strumento identificativo nei rapporti con la Pubblica Amministrazione italiana [&hellip;]<\/p>\n                                <a title=\"Cessazione della validit\u00e0 della carta d\u2019identit\u00e0 cartacea per l\u2019espatrio dal 3 agosto\" class=\"read-more\" href=\"https:\/\/ambtbilisi.esteri.it\/it\/news\/dall_ambasciata\/2026\/07\/cessazione-della-validita-della-carta-didentita-cartacea-per-lespatrio-dal-3-agosto\/\">\n                                    <span class=\"text\">Leggi di pi\u00f9<\/span>\n                                    <svg class=\"icon\">\n                                    <use xlink:href=\"https:\/\/ambtbilisi.esteri.it\/wp-content\/themes\/sedi-tema\/assets\/svg\/sprites.svg#it-arrow-right\"><\/use>\n                                    <\/svg>\n                                <\/a>\n                                                    <\/div>\n                    <\/div>\n                <\/div>\n                <!--end card-->\n                <\/div><!-- col-12 .mt-3-->\n            \n            <div class=\"col-md-12 mt-4 pb-4\">\n                <nav class=\"navigation col-md-12\" aria-label=\"Navigation\">\n                    <h2 class=\"screen-reader-text visually-hidden\">Paginazione<\/h2>\n                    <div class=\"nav-links\">\n                    <span aria-current=\"page\" class=\"page-numbers current\">1<\/span>\n<a class=\"page-numbers\" href=\"https:\/\/ambtbilisi.esteri.it\/it\/wp-json\/wp\/v2\/pages\/33\/?pag=2\">2<\/a>\n<a class=\"page-numbers\" href=\"https:\/\/ambtbilisi.esteri.it\/it\/wp-json\/wp\/v2\/pages\/33\/?pag=3\">3<\/a>\n<span class=\"page-numbers dots\">&hellip;<\/span>\n<a class=\"page-numbers\" href=\"https:\/\/ambtbilisi.esteri.it\/it\/wp-json\/wp\/v2\/pages\/33\/?pag=113\">113<\/a>\n<a class=\"next page-numbers\" href=\"https:\/\/ambtbilisi.esteri.it\/it\/wp-json\/wp\/v2\/pages\/33\/?pag=2\"><svg class=\"icon icon-primary\"><use xlink:href=\"https:\/\/ambtbilisi.esteri.it\/wp-content\/themes\/sedi-tema\/assets\/svg\/sprites.svg#it-chevron-right\"><\/use><\/svg>\n                                    <span class=\"visually-hidden\">Pagina successiva<\/span><\/a>                    <\/div>\n                <\/nav>\n            <\/div>   <!--.col-md-12 -->\n              <\/div><!--.row -->\n              \n","protected":false},"excerpt":{"rendered":"","protected":false},"author":1,"featured_media":0,"parent":16,"menu_order":0,"comment_status":"closed","ping_status":"closed","template":"","meta":{"footnotes":""},"class_list":["post-33","page","type-page","status-publish","hentry"],"_links":{"self":[{"href":"https:\/\/ambtbilisi.esteri.it\/it\/wp-json\/wp\/v2\/pages\/33","targetHints":{"allow":["GET"]}}],"collection":[{"href":"https:\/\/ambtbilisi.esteri.it\/it\/wp-json\/wp\/v2\/pages"}],"about":[{"href":"https:\/\/ambtbilisi.esteri.it\/it\/wp-json\/wp\/v2\/types\/page"}],"author":[{"embeddable":true,"href":"https:\/\/ambtbilisi.esteri.it\/it\/wp-json\/wp\/v2\/users\/1"}],"replies":[{"embeddable":true,"href":"https:\/\/ambtbilisi.esteri.it\/it\/wp-json\/wp\/v2\/comments?post=33"}],"version-history":[{"count":1,"href":"https:\/\/ambtbilisi.esteri.it\/it\/wp-json\/wp\/v2\/pages\/33\/revisions"}],"predecessor-version":[{"id":34,"href":"https:\/\/ambtbilisi.esteri.it\/it\/wp-json\/wp\/v2\/pages\/33\/revisions\/34"}],"up":[{"embeddable":true,"href":"https:\/\/ambtbilisi.esteri.it\/it\/wp-json\/wp\/v2\/pages\/16"}],"wp:attachment":[{"href":"https:\/\/ambtbilisi.esteri.it\/it\/wp-json\/wp\/v2\/media?parent=33"}],"curies":[{"name":"wp","href":"https:\/\/api.w.org\/{rel}","templated":true}]}}